{"id":1479,"date":"2024-10-08T15:53:09","date_gmt":"2024-10-08T14:53:09","guid":{"rendered":"https:\/\/www.evakuierungsstuhl.de\/?post_type=product&#038;p=1479"},"modified":"2026-04-16T13:48:46","modified_gmt":"2026-04-16T12:48:46","slug":"spencer-kopfbefestigung-blau","status":"publish","type":"product","link":"https:\/\/www.evakuierungsstuhl.de\/de\/product\/spencer-hoofd-fixatie-blue\/","title":{"rendered":"SPENCER Kopf-Fixierung Super Blau-Blau"},"content":{"rendered":"<div class=\"ULSxyf\">\n<div class=\"MjjYud\">\n<div class=\"Ww4FFb vt6azd obcontainer wDYxhc\" data-md=\"77\" data-hveid=\"CAcQAA\" data-ved=\"2ahUKEwjTvqzehf-IAxW48bsIHfBcC4cQkCl6BAgHEAA\">\n<div class=\"EyBRub\" data-kpfbbcast=\"\">\n<div id=\"tw-main\" data-hveid=\"CAcQAQ\">\n<div id=\"tw-container\" data-cp=\"1\" data-ddp=\"true\" data-drd=\"1700\" data-drt=\"10000\" data-is-rde=\"false\" data-is-ver=\"false\" data-nnttsvi=\"1\" data-ntl-fpwrite=\"true\" data-ntl-tooltip=\"true\" data-sletp=\"false\" data-sm=\"1\" data-ssbp=\"false\" data-sugg-time=\"500\" data-sugg-url=\"https:\/\/clients1.google.com\/complete\/search\" data-tcp=\"geluk met jou verjaarsdag,gelukkige verjaarsdag,awoda pa,???? ???,??? ????? ????,???????? ??? ??????,aski mara phuqhawi,do?um g\u00fcn\u00fcn m\u00fcbar?k,ad g\u00fcn\u00fcn m\u00fcbar?k,? ???? ??????????,?????? ?????? ???,???? ??? ?? ??? ?????,sanb? sanb?,??? ???????,sretan ro?endan,per molts anys,feli\u00e7 aniversari,malipayong adlawng natawhan,???? ?????? ????? ????? ???,felice anniversariu,v\u0161echno nejlep\u0161\u00ed k narozenin\u00e1m,pen-blwydd hapus,penblwydd hapus,tillykke med f\u00f8dselsdagen,alles gute zum geburtstag,???????? ?????,???????? ??????????????,dzigbe z\u00e3 nyuie na w\u00f2,????????? ????????,happy birthday,feli?an naski?tagon,feliz cumplea\u00f1os,palju \u00f5nne s\u00fcnnip\u00e4evaks,zorionak,????? ?????,hyv\u00e4\u00e4 syntym\u00e4p\u00e4iv\u00e4\u00e4,joyeux anniversaire,lokkige jierdei,l\u00e1 breithe sona,l\u00e1 breithe shona duit,co-l\u00e0-breith math,feliz aniversario,vy'apav?,?????????? ????,?????????? ????????,???????? ?? ????????,barka da ranar haihuwa,hau?oli l? h?nau,??????? ?? ??????????,??????? ?? ??????????,sretan ro?endan,b\u00f2n f\u00e8t,boldog sz\u00fclet\u00e9snapot,??????? ?????????,selamat ulang tahun,ezi ncheta ?b?ch? ?m?m?,ezi ncheta ?m?m?,naragsak a panagkasangay,til hamingju me\u00f0 afm\u00e6li\u00f0,buon compleanno,??? ????? ???,????????,?????????,sugeng ambal warsa,sugeng tanggap warsa,???????? ????????? ????,??????? ????????? ????,????? ??? ????? ??????,??????? ????????,??????????????????,?????????????????,??????????? ?????????,???????? ?????????,?? ?????,?? ????,api batde,rojb\u00fbna te p\u00eeroz be,??????? ??????? ?????,??????? ??????? ????? ??????????,felix natalis,alles guddes fir de gebuertsdag,amazaalibwa amalungi,mbotama elamu,?????????????,????????????????,su gimtadieniu,piancham chibai,daudz laimes dzim\u0161anas dien?,???????? ????????,tratry ny tsingerin-taona,tratry ny tsingerintaona nahaterahana,?????? ????????,?????????????,?????? ?????? ???? ??????,?????? ?????? ????,???????? ???? ?????,???????????? ????????,???????????? ??????? ????????,selamat hari lahir,xewqat sbie? f'g?eluq sninek,?????????????? ???????????????,????????????????????????????,???? ????? ????????,gefeliciteerd met je verjaardag,gefeliciteerd,gratulerer med dagen,matswalo a mabotse,tsiku labwino lobadwa,baga guyyaa dhaloota kee geesse,???????? ????????,???????? ????????,?????? ???? ??????,?????? ??????,wszystkiego najlepszego z okazji urodzin,????? ?? ???????,feliz anivers\u00e1rio,punchawniykipi kusikuni,la mul?i ani,? ???? ????????,isabukuru nziza,???? ??????????,??? ????? ?????,??? ???? ??????,v\u0161etko najlep\u0161ie k narodenin\u00e1m,\u0161?astn\u00e9 narodeniny,vse najbolj\u0161e,manuia asofanau,bhavhadhe rinofadza,maalin dhalasheed farxad leh,dhalasho wacan,g\u00ebzuar dit\u00eblindjen,?????? ????????,letsatsi le monate la tsoalo,wilujeung milangkala,wilujeung tepang taun,grattis p\u00e5 f\u00f6delsedagen,heri ya siku ya kuzaliwa,?????????? ???????????,?????????? ?????????????,??????????? ????????????,?????? ???????,???????????????,???? ?????,doglan g\u00fcn\u00fc? bilen,maligayang kaarawan,do?um g\u00fcn\u00fcn\u00fcz kutlu olsun,do?um g\u00fcn\u00fcn kutlu olsun,siku lerinene ro velekiwa,????? ??? ?????,? ???? ??????????,?????? ?????,?????? ????? ??,tug?ilgan kuningiz bilan,tug'ilgan kun muborak bo'lsin,ch\u00fac m?ng sinh nh?t,mini emnandi,nwabela usuku lwakho owaqala ngalo,o ku? a?ya?j?? ?j?? i?bi?,o ku ojo ibi,????,????,sikufisela usuku lokuzalwa oluhle,usuku olumnandi lokuzalwa\" data-uilc=\"nl\" data-vil=\",af,af-ZA,am,am-ET,ar-EG,ar-AE,ar-KW,ar-QA,ar,ar-IL,ar-JO,ar-LB,ar-PS,az,az-AZ,bg,bg-BG,bn,bn-BD,bn-IN,ca,ca-es,cs,cs-CZ,de,de-DE,de-CH,de-AT,de-LI,en,en-US,en-CA,en-AU,en-NZ,en-GB,en-IN,en-KE,en-TZ,en-NG,en-GH,en-PH,en-ZA,es,es-ES,es-AR,es-UY,es-419,es-BO,es-CL,es-CR,es-CO,es-DO,es-EC,es-GT,es-HN,es-NI,es-PA,es-PE,es-PR,es-PY,es-SV,es-VE,es-MX,es-US,eu,eu-ES,fi,fi-FI,fr,fr-FR,fr-CH,fr-BE,gl,gl-ES,gu,gu-IN,he,he-IL,iw,iw-IL,hu,hu-HU,hy,hy-AM,id,id-ID,is,is-IS,it,it-IT,it-CH,ja,ja-JP,jv,jv-ID,ka,ka-GE,km,km-KH,kn,kn-IN,ko,ko-KR,la,lo,lo-LA,lv,lv-LV,ml,ml-IN,mr,mr-IN,ms,ms-MY,nl,nl-NL,nb,nb-NO,ne,ne-NP,pl,pl-PL,pt,pt-BR,pt-PT,ro,ro-RO,ru,ru-RU,si-LK,sk,sk-SK,sr,sr-RS,su,su-ID,sv,sv-SE,sw,sw-TZ,sw-KE,ta,ta-IN,ta-SG,ta-LK,ta-MY,te,te-IN,tr,tr-TR,ur,ur-PK,ur-IN,yue,yue-HK,yue-Hant-HK,zh-HK,zh,zh-CN,zh-cmn,zh-cmn-CN,zh-Hans,zh-Hans-CN,zh-cmn-Hans,zh-cmn-Hans-CN,cmn-CN,cmn-Hans,cmn-Hans-CN,zh-TW,zh-Hant-TW,cmn-TW,cmn-Hant-TW,zh-cmn-TW,zh-cmn-Hant-TW,zu,zu-ZA,hi,hi-IN,tl,tl-PH,pa,pa-IN\">\n<div id=\"tw-ob\" class=\"tw-src-ltr\">\n<div class=\"oSioSc\">\n<div id=\"tw-target\">\n<div id=\"kAz1tf\" class=\"g9WsWb PZPZlf\" data-attrid=\"tw-targetArea\" data-entityname=\"Google Translate\">\n<div id=\"tw-target-text-container\" class=\"tw-ta-container F0azHf tw-nfl\" tabindex=\"0\">\n<pre id=\"tw-target-text\" class=\"tw-data-text tw-text-large tw-ta\" dir=\"ltr\" data-placeholder=\"Vertaling\" data-ved=\"2ahUKEwjTvqzehf-IAxW48bsIHfBcC4cQ3ewLegQIBxAW\" aria-label=\"\u00dcbersetzter Text: Super ist eine kompakte Kopfst\u00fctze, die mit Backboards und der Pick-up-Trage verwendet werden kann. Die Anpassung an den Kopf des Patienten wird durch ein kleines Luftkissen gew\u00e4hrleistet, das in den Kern der Bandage integriert ist. Es ist aus hochdichtem Schaumstoff gefertigt, der Haltbarkeit und Wasserdichtigkeit gew\u00e4hrleistet.\"><span class=\"Y2IQFc\" lang=\"nl\">Die Super Blue ist eine kompakte Kopfst\u00fctze, die mit Backboards und der Pick-up-Trage verwendet werden kann. Die Anpassung an den Kopf des Patienten wird durch ein kleines Luftkissen gew\u00e4hrleistet, das in den Kern der Bandage integriert ist. Sie ist aus hochdichtem Schaumstoff gefertigt, der Haltbarkeit und Wasserdichtigkeit gew\u00e4hrleistet.<\/span><\/pre>\n<\/div>\n<\/div>\n<\/div>\n<\/div>\n<\/div>\n<\/div>\n<\/div>\n<\/div>\n<\/div>\n<\/div>\n<\/div>","protected":false},"excerpt":{"rendered":"<p>Spencer Kopfbefestigung: Super-Blau Universal<\/p>","protected":false},"featured_media":1480,"comment_status":"open","ping_status":"closed","template":"","meta":{"_acf_changed":false},"product_brand":[],"product_cat":[28],"product_tag":[50,52,51],"class_list":{"0":"post-1479","1":"product","2":"type-product","3":"status-publish","4":"has-post-thumbnail","6":"product_cat-accessoires-bhv","7":"product_tag-brancard","8":"product_tag-fixatie","9":"product_tag-spencer","11":"first","12":"instock","13":"taxable","14":"shipping-taxable","15":"purchasable","16":"product-type-simple"},"acf":[],"yoast_head":"<!-- This site is optimized with the Yoast SEO plugin v27.2 - https:\/\/yoast.com\/product\/yoast-seo-wordpress\/ -->\n<title>SPENCER Hoofd Fixatie Super Blue-Blue - Evacuatieexpert<\/title>\n<meta name=\"robots\" content=\"index, follow, max-snippet:-1, max-image-preview:large, max-video-preview:-1\" \/>\n<link rel=\"canonical\" href=\"https:\/\/www.evakuierungsstuhl.de\/de\/produkt\/spencer-kopfbefestigung-blau\/\" \/>\n<meta property=\"og:locale\" content=\"de_DE\" \/>\n<meta property=\"og:type\" content=\"article\" \/>\n<meta property=\"og:title\" content=\"SPENCER Hoofd Fixatie Super Blue-Blue - Evacuatieexpert\" \/>\n<meta property=\"og:description\" content=\"Spencer Hoofd Fixatie: Super-Blue Universeel\" \/>\n<meta property=\"og:url\" content=\"https:\/\/www.evakuierungsstuhl.de\/de\/produkt\/spencer-kopfbefestigung-blau\/\" \/>\n<meta property=\"og:site_name\" content=\"Evacuatieexpert\" \/>\n<meta property=\"article:modified_time\" content=\"2026-04-16T12:48:46+00:00\" \/>\n<meta property=\"og:image\" content=\"https:\/\/www.evakuierungsstuhl.de\/wp-content\/uploads\/2024\/10\/SH00110.jpg\" \/>\n\t<meta property=\"og:image:width\" content=\"1300\" \/>\n\t<meta property=\"og:image:height\" content=\"1300\" \/>\n\t<meta property=\"og:image:type\" content=\"image\/jpeg\" \/>\n<meta name=\"twitter:card\" content=\"summary_large_image\" \/>\n<meta name=\"twitter:label1\" content=\"Gesch\u00e4tzte Lesezeit\" \/>\n\t<meta name=\"twitter:data1\" content=\"1\u00a0Minute\" \/>\n<script type=\"application\/ld+json\" class=\"yoast-schema-graph\">{\"@context\":\"https:\/\/schema.org\",\"@graph\":[{\"@type\":\"WebPage\",\"@id\":\"https:\/\/www.evakuierungsstuhl.de\/product\/spencer-hoofd-fixatie-blue\/\",\"url\":\"https:\/\/www.evakuierungsstuhl.de\/product\/spencer-hoofd-fixatie-blue\/\",\"name\":\"SPENCER Hoofd Fixatie Super Blue-Blue - Evacuatieexpert\",\"isPartOf\":{\"@id\":\"https:\/\/www.evakuierungsstuhl.de\/#website\"},\"primaryImageOfPage\":{\"@id\":\"https:\/\/www.evakuierungsstuhl.de\/product\/spencer-hoofd-fixatie-blue\/#primaryimage\"},\"image\":{\"@id\":\"https:\/\/www.evakuierungsstuhl.de\/product\/spencer-hoofd-fixatie-blue\/#primaryimage\"},\"thumbnailUrl\":\"https:\/\/www.evakuierungsstuhl.de\/wp-content\/uploads\/2024\/10\/SH00110.jpg\",\"datePublished\":\"2024-10-08T14:53:09+00:00\",\"dateModified\":\"2026-04-16T12:48:46+00:00\",\"breadcrumb\":{\"@id\":\"https:\/\/www.evakuierungsstuhl.de\/product\/spencer-hoofd-fixatie-blue\/#breadcrumb\"},\"inLanguage\":\"de\",\"potentialAction\":[{\"@type\":\"ReadAction\",\"target\":[\"https:\/\/www.evakuierungsstuhl.de\/product\/spencer-hoofd-fixatie-blue\/\"]}]},{\"@type\":\"ImageObject\",\"inLanguage\":\"de\",\"@id\":\"https:\/\/www.evakuierungsstuhl.de\/product\/spencer-hoofd-fixatie-blue\/#primaryimage\",\"url\":\"https:\/\/www.evakuierungsstuhl.de\/wp-content\/uploads\/2024\/10\/SH00110.jpg\",\"contentUrl\":\"https:\/\/www.evakuierungsstuhl.de\/wp-content\/uploads\/2024\/10\/SH00110.jpg\",\"width\":1300,\"height\":1300,\"caption\":\"Spencer Super Bleu Hoofdfixatie\"},{\"@type\":\"BreadcrumbList\",\"@id\":\"https:\/\/www.evakuierungsstuhl.de\/product\/spencer-hoofd-fixatie-blue\/#breadcrumb\",\"itemListElement\":[{\"@type\":\"ListItem\",\"position\":1,\"name\":\"Home\",\"item\":\"https:\/\/www.evakuierungsstuhl.de\/\"},{\"@type\":\"ListItem\",\"position\":2,\"name\":\"Winkel\",\"item\":\"https:\/\/www.evakuierungsstuhl.de\/winkel\/\"},{\"@type\":\"ListItem\",\"position\":3,\"name\":\"SPENCER Hoofd Fixatie Super Blue-Blue\"}]},{\"@type\":\"WebSite\",\"@id\":\"https:\/\/www.evakuierungsstuhl.de\/#website\",\"url\":\"https:\/\/www.evakuierungsstuhl.de\/\",\"name\":\"Evacuatieexpert\",\"description\":\"De expert in evacuatie\",\"potentialAction\":[{\"@type\":\"SearchAction\",\"target\":{\"@type\":\"EntryPoint\",\"urlTemplate\":\"https:\/\/www.evakuierungsstuhl.de\/?s={search_term_string}\"},\"query-input\":{\"@type\":\"PropertyValueSpecification\",\"valueRequired\":true,\"valueName\":\"search_term_string\"}}],\"inLanguage\":\"de\"}]}<\/script>\n<!-- \/ Yoast SEO plugin. -->","yoast_head_json":{"title":"SPENCER Kopffixierung Super Blau-Blau - Evakuierungsexperte","robots":{"index":"index","follow":"follow","max-snippet":"max-snippet:-1","max-image-preview":"max-image-preview:large","max-video-preview":"max-video-preview:-1"},"canonical":"https:\/\/www.evakuierungsstuhl.de\/de\/produkt\/spencer-kopfbefestigung-blau\/","og_locale":"de_DE","og_type":"article","og_title":"SPENCER Hoofd Fixatie Super Blue-Blue - Evacuatieexpert","og_description":"Spencer Hoofd Fixatie: Super-Blue Universeel","og_url":"https:\/\/www.evakuierungsstuhl.de\/de\/produkt\/spencer-kopfbefestigung-blau\/","og_site_name":"Evacuatieexpert","article_modified_time":"2026-04-16T12:48:46+00:00","og_image":[{"width":1300,"height":1300,"url":"https:\/\/www.evakuierungsstuhl.de\/wp-content\/uploads\/2024\/10\/SH00110.jpg","type":"image\/jpeg"}],"twitter_card":"summary_large_image","twitter_misc":{"Gesch\u00e4tzte Lesezeit":"1\u00a0Minute"},"schema":{"@context":"https:\/\/schema.org","@graph":[{"@type":"WebPage","@id":"https:\/\/www.evakuierungsstuhl.de\/product\/spencer-hoofd-fixatie-blue\/","url":"https:\/\/www.evakuierungsstuhl.de\/product\/spencer-hoofd-fixatie-blue\/","name":"SPENCER Kopffixierung Super Blau-Blau - Evakuierungsexperte","isPartOf":{"@id":"https:\/\/www.evakuierungsstuhl.de\/#website"},"primaryImageOfPage":{"@id":"https:\/\/www.evakuierungsstuhl.de\/product\/spencer-hoofd-fixatie-blue\/#primaryimage"},"image":{"@id":"https:\/\/www.evakuierungsstuhl.de\/product\/spencer-hoofd-fixatie-blue\/#primaryimage"},"thumbnailUrl":"https:\/\/www.evakuierungsstuhl.de\/wp-content\/uploads\/2024\/10\/SH00110.jpg","datePublished":"2024-10-08T14:53:09+00:00","dateModified":"2026-04-16T12:48:46+00:00","breadcrumb":{"@id":"https:\/\/www.evakuierungsstuhl.de\/product\/spencer-hoofd-fixatie-blue\/#breadcrumb"},"inLanguage":"de","potentialAction":[{"@type":"ReadAction","target":["https:\/\/www.evakuierungsstuhl.de\/product\/spencer-hoofd-fixatie-blue\/"]}]},{"@type":"ImageObject","inLanguage":"de","@id":"https:\/\/www.evakuierungsstuhl.de\/product\/spencer-hoofd-fixatie-blue\/#primaryimage","url":"https:\/\/www.evakuierungsstuhl.de\/wp-content\/uploads\/2024\/10\/SH00110.jpg","contentUrl":"https:\/\/www.evakuierungsstuhl.de\/wp-content\/uploads\/2024\/10\/SH00110.jpg","width":1300,"height":1300,"caption":"Spencer Super Bleu Hoofdfixatie"},{"@type":"BreadcrumbList","@id":"https:\/\/www.evakuierungsstuhl.de\/product\/spencer-hoofd-fixatie-blue\/#breadcrumb","itemListElement":[{"@type":"ListItem","position":1,"name":"Home","item":"https:\/\/www.evakuierungsstuhl.de\/"},{"@type":"ListItem","position":2,"name":"Winkel","item":"https:\/\/www.evakuierungsstuhl.de\/winkel\/"},{"@type":"ListItem","position":3,"name":"SPENCER Hoofd Fixatie Super Blue-Blue"}]},{"@type":"WebSite","@id":"https:\/\/www.evakuierungsstuhl.de\/#website","url":"https:\/\/www.evakuierungsstuhl.de\/","name":"Experte f\u00fcr Evakuierung","description":"Der Experte f\u00fcr Evakuierung","potentialAction":[{"@type":"SearchAction","target":{"@type":"EntryPoint","urlTemplate":"https:\/\/www.evakuierungsstuhl.de\/?s={search_term_string}"},"query-input":{"@type":"PropertyValueSpecification","valueRequired":true,"valueName":"search_term_string"}}],"inLanguage":"de"}]}},"_links":{"self":[{"href":"https:\/\/www.evakuierungsstuhl.de\/de\/wp-json\/wp\/v2\/product\/1479","targetHints":{"allow":["GET"]}}],"collection":[{"href":"https:\/\/www.evakuierungsstuhl.de\/de\/wp-json\/wp\/v2\/product"}],"about":[{"href":"https:\/\/www.evakuierungsstuhl.de\/de\/wp-json\/wp\/v2\/types\/product"}],"replies":[{"embeddable":true,"href":"https:\/\/www.evakuierungsstuhl.de\/de\/wp-json\/wp\/v2\/comments?post=1479"}],"version-history":[{"count":2,"href":"https:\/\/www.evakuierungsstuhl.de\/de\/wp-json\/wp\/v2\/product\/1479\/revisions"}],"predecessor-version":[{"id":1482,"href":"https:\/\/www.evakuierungsstuhl.de\/de\/wp-json\/wp\/v2\/product\/1479\/revisions\/1482"}],"wp:featuredmedia":[{"embeddable":true,"href":"https:\/\/www.evakuierungsstuhl.de\/de\/wp-json\/wp\/v2\/media\/1480"}],"wp:attachment":[{"href":"https:\/\/www.evakuierungsstuhl.de\/de\/wp-json\/wp\/v2\/media?parent=1479"}],"wp:term":[{"taxonomy":"product_brand","embeddable":true,"href":"https:\/\/www.evakuierungsstuhl.de\/de\/wp-json\/wp\/v2\/product_brand?post=1479"},{"taxonomy":"product_cat","embeddable":true,"href":"https:\/\/www.evakuierungsstuhl.de\/de\/wp-json\/wp\/v2\/product_cat?post=1479"},{"taxonomy":"product_tag","embeddable":true,"href":"https:\/\/www.evakuierungsstuhl.de\/de\/wp-json\/wp\/v2\/product_tag?post=1479"}],"curies":[{"name":"wp","href":"https:\/\/api.w.org\/{rel}","templated":true}]}}